{"id":997,"date":"2022-06-23T14:41:43","date_gmt":"2022-06-23T12:41:43","guid":{"rendered":"https:\/\/beelong.ch\/?page_id=997"},"modified":"2026-04-15T11:42:57","modified_gmt":"2026-04-15T09:42:57","slug":"les-nouveautes-du-calculateur-beelong","status":"publish","type":"page","link":"https:\/\/beelong.ch\/de\/les-nouveautes-du-calculateur-beelong\/","title":{"rendered":"Les nouveaut\u00e9s du Calculateur Beelong"},"content":{"rendered":"<div class=\"wp-block-group bg-light-gradient\"><div class=\"wp-block-group__inner-container is-layout-flow wp-block-group-is-layout-flow\">\n<div style=\"height:80px\" aria-hidden=\"true\" class=\"wp-block-spacer\"><\/div>\n\n\n<div class=\"wp-bootstrap-blocks-container container mb-2\">\n\t\n\n<div class=\"wp-block-columns is-layout-flex wp-container-core-columns-is-layout-9d6595d7 wp-block-columns-is-layout-flex\">\n<div class=\"wp-block-column is-vertically-aligned-center is-layout-flow wp-block-column-is-layout-flow\">\n<h1 class=\"wp-block-heading\" id=\"app-menu\">Les nouveaut\u00e9s du Calculateur Beelong \ud83d\ude80<\/h1>\n\n\n\n<p>En informatique comme en cuisine, les bonnes choses prennent du temps et les meilleures id\u00e9es \u00e9mergent \u00e0 plusieurs! C&rsquo;est pourquoi le Calculateur Beelong est en constante \u00e9volution gr\u00e2ce \u00e0 vos pr\u00e9cieux retours et suggestions que nous faisons mijoter avant chaque nouvelle version. Vous trouverez ci-dessous <strong>la liste des fonctionnalit\u00e9s \u00e0 la demande <\/strong>pour personnaliser votre usage ainsi que <strong>la liste des derni\u00e8res mises \u00e0 jour, corrections et fonctionnalit\u00e9s \u00e0 venir!<\/strong><\/p>\n<\/div>\n\n\n\n<div class=\"wp-block-column is-vertically-aligned-center is-layout-flow wp-block-column-is-layout-flow\">\n<figure class=\"wp-block-image size-full\"><img loading=\"lazy\" decoding=\"async\" width=\"1000\" height=\"788\" src=\"https:\/\/beelong.ch\/wp-content\/uploads\/2022\/06\/nouveautes.png\" alt=\"Nouveaut\u00e9s\" class=\"wp-image-1001\" srcset=\"https:\/\/beelong.ch\/wp-content\/uploads\/2022\/06\/nouveautes.png 1000w, https:\/\/beelong.ch\/wp-content\/uploads\/2022\/06\/nouveautes-300x236.png 300w, https:\/\/beelong.ch\/wp-content\/uploads\/2022\/06\/nouveautes-768x605.png 768w, https:\/\/beelong.ch\/wp-content\/uploads\/2022\/06\/nouveautes-15x12.png 15w, https:\/\/beelong.ch\/wp-content\/uploads\/2022\/06\/nouveautes-850x670.png 850w\" sizes=\"auto, (max-width: 1000px) 100vw, 1000px\" \/><\/figure>\n<\/div>\n<\/div>\n\n<\/div>\n\n\n<div class=\"wp-bootstrap-blocks-container container mb-2\">\n\t\n\n<h2 class=\"wp-block-heading\">Fonctionnalit\u00e9s \u00e0 la demande<\/h2>\n\n\n\n<ul class=\"wp-block-list\">\n<li>Menu : ajout d&rsquo;un export pour <strong>extraire une \u00ab\u00a0liste de courses\u00a0\u00bb<\/strong> des ingr\u00e9dients n\u00e9cessaire \u00e0 la pr\u00e9paration du menu (commander les quantit\u00e9s justes et \u00e9viter du potentiel gaspillage !) \ud83d\uded2<\/li>\n\n\n\n<li>Menus : ajout de <strong>labels <\/strong>sur vos affichages \ud83c\udff7\ufe0f<\/li>\n\n\n\n<li>Menus : ajout d&rsquo;<strong>indicateurs nutritionnels<\/strong> sur vos affichages \ud83c\udf4e<\/li>\n\n\n\n<li>Menus : ajout d&rsquo;un<strong> indicateur CO\u2082<\/strong> sur vos affichages \ud83c\udf0d<\/li>\n\n\n\n<li>Menus : affichage <strong>multilingue <\/strong>(FR, DE, EN, IT) \ud83d\udde3\ufe0f<\/li>\n\n\n\n<li>Calendrier PDF : ajout d\u2019un <strong>\u00e9nonc\u00e9 personnalis\u00e9 en pied de page<\/strong> \ud83d\udcc5<\/li>\n\n\n\n<li>Recette : <strong>g\u00e9n\u00e9ration des recettes assist\u00e9e par l&rsquo;IA<\/strong> (COMING SOON) \ud83e\udd16<\/li>\n<\/ul>\n\n\n\n<div style=\"height:37px\" aria-hidden=\"true\" class=\"wp-block-spacer\"><\/div>\n\n\n\n<h2 class=\"wp-block-heading\">Les derni\u00e8res mises \u00e0 jour V2.30.0<\/h2>\n\n\n\n<ul class=\"wp-block-list\">\n<li>Recette &amp; Menu : ajout d\u2019une section \u00ab Dans quels recette se trouve cette sous-recette \u00bb + \u00ab Dans quels menus se trouve cette recette \u00bb \ud83d\udcda<\/li>\n\n\n\n<li>Recette, ingr\u00e9dient : une <strong>jauge de CO2 a \u00e9t\u00e9 ajout\u00e9e<\/strong> lors de la s\u00e9lection de produits dans l&rsquo;\u00e9laboration de vos recettes \ud83c\udf21\ufe0f<\/li>\n\n\n\n<li>Recette, ingr\u00e9dient : <strong>recherche par n\u00b0 d&rsquo;article<\/strong> disponible pour trouver vos ingr\u00e9dients \ud83d\udd0d<\/li>\n\n\n\n<li>Recette, ingr\u00e9dient : Une nouvelle <strong>base de donn\u00e9es de produits simplifi\u00e9e <\/strong>est disponible \ud83d\udcca<\/li>\n\n\n\n<li>Menu : modification du <strong>grammage des recettes depuis la page menu<\/strong>, avec ajustement local (sans impacter la recette d&rsquo;origine) \u2696\ufe0f<\/li>\n\n\n\n<li>Menu : pouvoir <strong>changer l&rsquo;ordre des recettes<\/strong> dans un menu \ud83d\udd04<\/li>\n\n\n\n<li>Menu : modification de la <strong>quantit\u00e9 totale du menu<\/strong>, avec ajustement automatique des recettes \ud83d\udd04<\/li>\n\n\n\n<li>Menu : <strong>remplacement rapide de recettes<\/strong> dans le menu \ud83d\udd04<\/li>\n\n\n\n<li>Recette : utilisation de la touche ENTER pour <strong>naviguer rapidement entre les quantit\u00e9s d\u2019ingr\u00e9dients<\/strong> dans l\u2019\u00e9dition de recette \u2b07\ufe0f<\/li>\n\n\n\n<li>Menu : ajout d\u2019une <strong>corbeille unique<\/strong> pour supprimer une recette d\u2019un menu (au lieu de deux boutons) \ud83d\uddd1\ufe0f<\/li>\n\n\n\n<li>Menu : s\u00e9lectionner <strong>plusieurs recettes<\/strong> d\u2019un coup lors de l&rsquo;\u00e9laboration d&rsquo;un menu \u2705<\/li>\n\n\n\n<li>Recette : <strong>ajout automatique des allerg\u00e8nes<\/strong> en fonction des ingr\u00e9dients pr\u00e9sents dans la recette \u26a0\ufe0f<\/li>\n\n\n\n<li>Reporting environnemental : possibilit\u00e9 de faire un <strong>export des menus<\/strong> servis d\u2019une p\u00e9riode donn\u00e9e \ud83d\udcca<\/li>\n\n\n\n<li>Calendrier : <strong>affichage personnalis\u00e9 d&rsquo;une ou plusieurs formules<\/strong> dans votre calendrier PDF et public<\/li>\n\n\n\n<li>Calendrier : <strong>dupliquer vos semaines de menus<\/strong> en un clic ! \ud83d\udcc5<\/li>\n\n\n\n<li>Calendrier : <strong>s\u00e9lection d\u2019une ou plusieurs formules<\/strong> pour le calcul des fr\u00e9quences hebdomadaires \ud83d\udcca<\/li>\n\n\n\n<li>Calendrier : possibilit\u00e9 de <strong>cr\u00e9er un menu directement depuis le calendrier<\/strong> \u2795<\/li>\n\n\n\n<li>Calendrier : retour \u00e0 la <strong>m\u00eame semaine<\/strong> du calendrier apr\u00e8s navigation vers un autre onglet \ud83d\udd19<\/li>\n\n\n\n<li>Recherche : priorisation des <strong>mots-cl\u00e9s en d\u00e9but de cha\u00eene<\/strong> dans les r\u00e9sultats de recherche \ud83d\udd0e<\/li>\n\n\n\n<li>Global : mise \u00e0 disposition d&rsquo;un support p\u00e9dagogique. Ce <strong>document permet d\u2019expliquer simplement comment interpr\u00e9ter les r\u00e9sultats ECO-SCORE\u00ae<\/strong>. Int\u00e9gr\u00e9 directement en pied de page de vos supports de communication et t\u00e9l\u00e9chargeable en format PDF sous l&rsquo;onglet \u00ab\u00a0Communication\u00a0\u00bb direcement dans vos menus \u2139\ufe0f<\/li>\n<\/ul>\n\n\n\n<div style=\"height:37px\" aria-hidden=\"true\" class=\"wp-block-spacer\"><\/div>\n\n\n\n<h2 class=\"wp-block-heading\">Les corrections\/am\u00e9liorations en cours<\/h2>\n\n\n\n<ul class=\"wp-block-list\">\n<li>Menu : <strong>suppression de plusieurs recette<\/strong>s en m\u00eame temps \u274c<\/li>\n\n\n\n<li>Recette : ajout d&rsquo;une fonctionnalit\u00e9 de <strong>g\u00e9n\u00e9ration de recette assist\u00e9e par l&rsquo;IA<\/strong> \u00e0 partir d&rsquo;un intitul\u00e9, d&rsquo;une photo ou d&rsquo;un PDF \ud83e\udd16<\/li>\n\n\n\n<li>Global : ajout d&rsquo;une option de <strong>param\u00e9trage personnalis\u00e9 pour la g\u00e9n\u00e9ration via IA<\/strong> \ud83e\udd16<\/li>\n<\/ul>\n\n\n\n<div style=\"height:37px\" aria-hidden=\"true\" class=\"wp-block-spacer\"><\/div>\n\n\n\n<h2 class=\"wp-block-heading\">Les am\u00e9liorations et futures fonctionnalit\u00e9s<\/h2>\n\n\n\n<ul class=\"wp-block-list\">\n<li>Global &#8211; nouveau r\u00f4le : autorisation de <strong>modifier les recettes et menus des autres utilisateurs<\/strong> \ud83d\udc65 <\/li>\n\n\n\n<li>Calendrier : tri des menus par <strong>date de cr\u00e9ation<\/strong> dans l\u2019outil de s\u00e9lection \ud83d\uddc2\ufe0f<\/li>\n\n\n\n<li>Menu et recette : <strong>am\u00e9lioration des filtres et de la fonction tri<\/strong> \ud83e\uddee<\/li>\n\n\n\n<li>Menus : affichage du <strong>Healthscore<\/strong> des recettes (entr\u00e9es, accompagnements, etc.) dans les menus \ud83c\udf4e<\/li>\n\n\n\n<li>Recette : ajout de <strong>recettes compl\u00e8tes<\/strong> dans l\u2019onglet \u00ab\u00a0Sous-recettes\u00a0\u00bb \ud83e\udde9<\/li>\n\n\n\n<li>Recette : <strong>conversion automatique des unit\u00e9s<\/strong> (par exemple entre grammes et kilogrammes) des quantit\u00e9s d\u00e9j\u00e0 saisies \ud83d\udd04 <\/li>\n\n\n\n<li>Formulaire de contact : am\u00e9lioration \u2709\ufe0f<\/li>\n<\/ul>\n\n\n\n<div style=\"height:55px\" aria-hidden=\"true\" class=\"wp-block-spacer\"><\/div>\n\n\n\n<div class=\"wp-block-buttons is-content-justification-center is-layout-flex wp-container-core-buttons-is-layout-16018d1d wp-block-buttons-is-layout-flex\">\n<div class=\"wp-block-button btn-green-gradient\"><a class=\"wp-block-button__link wp-element-button\" href=\"mailto:support@beelong.ch\" target=\"_blank\" rel=\"noreferrer noopener\">Eine brillante Idee teilen!<\/a><\/div>\n\n\n\n<div class=\"wp-block-button btn-green-gradient\"><a class=\"wp-block-button__link wp-element-button\" href=\"https:\/\/appmenu.beelong.ch\/\" target=\"_blank\" rel=\"noreferrer noopener\">Im Kalkulator anmelden<\/a><\/div>\n<\/div>\n\n<\/div>\n\n\n\n<p><\/p>\n\n\n\n<div style=\"height:80px\" aria-hidden=\"true\" class=\"wp-block-spacer\"><\/div>\n<\/div><\/div>","protected":false},"excerpt":{"rendered":"","protected":false},"author":5,"featured_media":0,"parent":0,"menu_order":0,"comment_status":"closed","ping_status":"closed","template":"","meta":{"footnotes":""},"class_list":["post-997","page","type-page","status-publish","hentry"],"_links":{"self":[{"href":"https:\/\/beelong.ch\/de\/wp-json\/wp\/v2\/pages\/997","targetHints":{"allow":["GET"]}}],"collection":[{"href":"https:\/\/beelong.ch\/de\/wp-json\/wp\/v2\/pages"}],"about":[{"href":"https:\/\/beelong.ch\/de\/wp-json\/wp\/v2\/types\/page"}],"author":[{"embeddable":true,"href":"https:\/\/beelong.ch\/de\/wp-json\/wp\/v2\/users\/5"}],"replies":[{"embeddable":true,"href":"https:\/\/beelong.ch\/de\/wp-json\/wp\/v2\/comments?post=997"}],"version-history":[{"count":71,"href":"https:\/\/beelong.ch\/de\/wp-json\/wp\/v2\/pages\/997\/revisions"}],"predecessor-version":[{"id":4184,"href":"https:\/\/beelong.ch\/de\/wp-json\/wp\/v2\/pages\/997\/revisions\/4184"}],"wp:attachment":[{"href":"https:\/\/beelong.ch\/de\/wp-json\/wp\/v2\/media?parent=997"}],"curies":[{"name":"wp","href":"https:\/\/api.w.org\/{rel}","templated":true}]}}